{"id":4011,"date":"2017-04-05T20:56:39","date_gmt":"2017-04-05T20:56:39","guid":{"rendered":"https:\/\/ponsa.com\/historia-2\/"},"modified":"2020-02-17T16:11:17","modified_gmt":"2020-02-17T16:11:17","slug":"historia-2","status":"publish","type":"page","link":"https:\/\/ponsa.com\/nl\/historia-2\/","title":{"rendered":"GESCHIEDENIS"},"content":{"rendered":"<div class=\"fusion-fullwidth fullwidth-box fusion-builder-row-1 fusion-flex-container nonhundred-percent-fullwidth non-hundred-percent-height-scrolling\" style=\"--awb-border-radius-top-left:0px;--awb-border-radius-top-right:0px;--awb-border-radius-bottom-right:0px;--awb-border-radius-bottom-left:0px;--awb-padding-top:50px;--awb-padding-bottom:20px;--awb-flex-wrap:wrap;\" ><div class=\"fusion-builder-row fusion-row fusion-flex-align-items-flex-start fusion-flex-content-wrap\" style=\"max-width:1248px;margin-left: calc(-4% \/ 2 );margin-right: calc(-4% \/ 2 );\"><div class=\"fusion-layout-column fusion_builder_column fusion-builder-column-0 fusion_builder_column_1_1 1_1 fusion-flex-column\" style=\"--awb-bg-size:cover;--awb-width-large:100%;--awb-margin-top-large:0px;--awb-spacing-right-large:1.92%;--awb-margin-bottom-large:20px;--awb-spacing-left-large:1.92%;--awb-width-medium:100%;--awb-spacing-right-medium:1.92%;--awb-spacing-left-medium:1.92%;--awb-width-small:100%;--awb-spacing-right-small:1.92%;--awb-spacing-left-small:1.92%;\"><div class=\"fusion-column-wrapper fusion-flex-justify-content-flex-start fusion-content-layout-column\"><div class=\"fusion-title title fusion-title-1 fusion-title-text fusion-title-size-one\" style=\"--awb-margin-top-small:10px;--awb-margin-right-small:0px;--awb-margin-bottom-small:10px;--awb-margin-left-small:0px;--awb-sep-color:#fffcfc;\"><div class=\"title-sep-container title-sep-container-left fusion-no-large-visibility fusion-no-medium-visibility fusion-no-small-visibility\"><div class=\"title-sep sep-double sep-solid\" style=\"border-color:#fffcfc;\"><\/div><\/div><span class=\"awb-title-spacer fusion-no-large-visibility fusion-no-medium-visibility fusion-no-small-visibility\"><\/span><h1 class=\"fusion-title-heading title-heading-left\" style=\"margin:0;\"><b><span lang=\"NL\" style=\"margin: 0px; color: #333333; line-height: 115%; font-family: 'Arial','sans-serif'; font-size: 25.5pt;\">GESCHIEDENIS<\/span><\/b><\/h1><span class=\"awb-title-spacer\"><\/span><div class=\"title-sep-container title-sep-container-right\"><div class=\"title-sep sep-double sep-solid\" style=\"border-color:#fffcfc;\"><\/div><\/div><\/div><div class=\"fusion-image-element \" style=\"--awb-caption-title-font-family:var(--h2_typography-font-family);--awb-caption-title-font-weight:var(--h2_typography-font-weight);--awb-caption-title-font-style:var(--h2_typography-font-style);--awb-caption-title-size:var(--h2_typography-font-size);--awb-caption-title-transform:var(--h2_typography-text-transform);--awb-caption-title-line-height:var(--h2_typography-line-height);--awb-caption-title-letter-spacing:var(--h2_typography-letter-spacing);\"><span class=\" fusion-imageframe imageframe-none imageframe-1 hover-type-none\"><img decoding=\"async\" width=\"1754\" height=\"494\" title=\"1828\" src=\"https:\/\/ponsa.com\/wp-content\/uploads\/2019\/07\/1828-2.jpg\" alt class=\"img-responsive wp-image-10302\" srcset=\"https:\/\/ponsa.com\/wp-content\/uploads\/2019\/07\/1828-2-200x56.jpg 200w, https:\/\/ponsa.com\/wp-content\/uploads\/2019\/07\/1828-2-400x113.jpg 400w, https:\/\/ponsa.com\/wp-content\/uploads\/2019\/07\/1828-2-600x169.jpg 600w, https:\/\/ponsa.com\/wp-content\/uploads\/2019\/07\/1828-2-800x225.jpg 800w, https:\/\/ponsa.com\/wp-content\/uploads\/2019\/07\/1828-2-1200x338.jpg 1200w, https:\/\/ponsa.com\/wp-content\/uploads\/2019\/07\/1828-2.jpg 1754w\" sizes=\"(max-width: 640px) 100vw, 1200px\" \/><\/span><\/div><\/div><\/div><div class=\"fusion-layout-column fusion_builder_column fusion-builder-column-1 fusion_builder_column_1_4 1_4 fusion-flex-column\" style=\"--awb-bg-size:cover;--awb-width-large:25%;--awb-margin-top-large:0px;--awb-spacing-right-large:10px;--awb-margin-bottom-large:20px;--awb-spacing-left-large:7.68%;--awb-width-medium:25%;--awb-spacing-right-medium:10px;--awb-spacing-left-medium:7.68%;--awb-width-small:100%;--awb-spacing-right-small:1.92%;--awb-spacing-left-small:1.92%;\"><div class=\"fusion-column-wrapper fusion-flex-justify-content-flex-start fusion-content-layout-column\"><div class=\"fusion-modal modal fade modal-1 1828 has-light-close\" tabindex=\"-1\" role=\"dialog\" aria-labelledby=\"modal-heading-1\" aria-hidden=\"true\" style=\"--awb-border-color:#000000;--awb-background:#000000;\"><div class=\"modal-dialog modal-sm\" role=\"document\"><div class=\"modal-content fusion-modal-content\"><div class=\"modal-header\"><button class=\"close\" type=\"button\" data-dismiss=\"modal\" aria-hidden=\"true\" aria-label=\"Close\">&times;<\/button><h3 class=\"modal-title\" id=\"modal-heading-1\" data-dismiss=\"modal\" aria-hidden=\"true\">1828: Start op <\/h3><\/div><div class=\"modal-body fusion-clearfix\">\n<p><img class=\"alignnone size-full wp-image-418\" alt=\"historia_01_1828\" width=\"300\" height=\"523\" \/><\/p>\n<p><span style=\"color: #ffffff; font-size: 14px;\">El 19 de agosto de 1828, Don Francisco y Don Domingo Ponsa Vall\u00e9s se registran en el Gremio de cinteros, en un solemne acto celebrado en la catedral de Manresa.<\/span><br \/>\n<span style=\"color: #ffffff; font-size: 14px;\"> Empieza en esa fecha el negocio familiar: Se pasa de tejer velos a la producci\u00f3n de cintas.<\/span><\/p>\n<\/div><\/div><\/div><\/div><div class=\"fusion-text fusion-text-1\"><a class=\"fusion-modal-text-link\" data-toggle=\"modal\" data-target=\".fusion-modal.1828\" href=\"#\"><a href=\"https:\/\/ponsa.com\/wp-content\/uploads\/2017\/04\/h1.jpg\"><img decoding=\"async\" class=\"alignnone size-full wp-image-3100\" src=\"https:\/\/ponsa.com\/wp-content\/uploads\/2017\/04\/h1.jpg\" alt=\"h1\" width=\"500\" height=\"500\" srcset=\"https:\/\/ponsa.com\/wp-content\/uploads\/2017\/04\/h1-66x66.jpg 66w, https:\/\/ponsa.com\/wp-content\/uploads\/2017\/04\/h1-150x150.jpg 150w, https:\/\/ponsa.com\/wp-content\/uploads\/2017\/04\/h1-200x200.jpg 200w, https:\/\/ponsa.com\/wp-content\/uploads\/2017\/04\/h1-300x300.jpg 300w, https:\/\/ponsa.com\/wp-content\/uploads\/2017\/04\/h1-400x400.jpg 400w, https:\/\/ponsa.com\/wp-content\/uploads\/2017\/04\/h1.jpg 500w\" sizes=\"(max-width: 500px) 100vw, 500px\" \/><\/a><\/a>\n<\/div><div class=\"fusion-text fusion-text-2\"><div style=\"padding: 20px; color: #ffffff; background-color: #000000;\"><strong>1828<\/strong>. <span lang=\"NL\" style=\"color: #ffffff;\"><span style=\"font-family: Calibri;\">Start op 19 augustus 1828. De heren Francisco y Domingo Ponsa Vall\u00e9s schrijven zich in bij El Gremio de cinteros. Dit wordt gevierd in de Kathedraal van Manresa. Deze datum is het begin van het familie bedrijf. Het weven van sluiers en de produktie van smalband zijn de eerste produkten. \u00a0\u00a0<\/span><\/span><a class=\"fusion-modal-text-link\" data-toggle=\"modal\" data-target=\".fusion-modal.1828\" href=\"#\"><span style=\"color: #e30613;\"> Meer lezen<\/span><\/a><\/div>\n<\/div><div class=\"fusion-separator fusion-full-width-sep\" style=\"align-self: center;margin-left: auto;margin-right: auto;margin-top:20px;width:100%;\"><\/div><div class=\"fusion-modal modal fade modal-2 1974 has-light-close\" tabindex=\"-1\" role=\"dialog\" aria-labelledby=\"modal-heading-2\" aria-hidden=\"true\" style=\"--awb-border-color:#000000;--awb-background:#000000;\"><div class=\"modal-dialog modal-sm\" role=\"document\"><div class=\"modal-content fusion-modal-content\"><div class=\"modal-header\"><button class=\"close\" type=\"button\" data-dismiss=\"modal\" aria-hidden=\"true\" aria-label=\"Close\">&times;<\/button><h3 class=\"modal-title\" id=\"modal-heading-2\" data-dismiss=\"modal\" aria-hidden=\"true\">1974: inicio de la producci\u00f3n propia de hilo de polipropileno<\/h3><\/div><div class=\"modal-body fusion-clearfix\"><img class=\"alignnone size-full wp-image-466\" alt=\"historia_05_1974\" width=\"300\" height=\"182\" \/><\/p>\n<p><span style=\"color: #ffffff; font-size: 14px;\">Se inicia la <strong>producci\u00f3n propia de hilo de polipropileno,<\/strong> pr\u00e1ctica poco habitual entre los cinteros pero que permite rebajar los costes y aumentar la calidad.<\/span><\/p>\n<p><span style=\"color: #ffffff; font-size: 14px;\">Se plantea una diversificaci\u00f3n de productos y se organiza una red de representantes para explorar nuevas posibilidades. <strong>La exportaci\u00f3n empieza en los a\u00f1os 70.<\/strong><\/span><\/div><\/div><\/div><\/div><div class=\"fusion-text fusion-text-3\"><a class=\"fusion-modal-text-link\" data-toggle=\"modal\" data-target=\".fusion-modal.1974\" href=\"#\"><a href=\"https:\/\/ponsa.com\/wp-content\/uploads\/2018\/12\/h5.jpg\"><img decoding=\"async\" class=\"alignnone size-full wp-image-4043\" src=\"https:\/\/ponsa.com\/wp-content\/uploads\/2018\/12\/h5.jpg\" alt=\"\" width=\"500\" height=\"500\" srcset=\"https:\/\/ponsa.com\/wp-content\/uploads\/2018\/12\/h5-66x66.jpg 66w, https:\/\/ponsa.com\/wp-content\/uploads\/2018\/12\/h5-150x150.jpg 150w, https:\/\/ponsa.com\/wp-content\/uploads\/2018\/12\/h5-200x200.jpg 200w, https:\/\/ponsa.com\/wp-content\/uploads\/2018\/12\/h5-300x300.jpg 300w, https:\/\/ponsa.com\/wp-content\/uploads\/2018\/12\/h5-400x400.jpg 400w, https:\/\/ponsa.com\/wp-content\/uploads\/2018\/12\/h5.jpg 500w\" sizes=\"(max-width: 500px) 100vw, 500px\" \/><\/a><\/a>\n<\/div><div class=\"fusion-text fusion-text-4\"><div style=\"padding: 20px; color: #ffffff; background-color: #000000;\"><strong>1974<\/strong>. Start van onze eigen productie van polypropyleengaren.<a class=\"fusion-modal-text-link\" data-toggle=\"modal\" data-target=\".fusion-modal.1974\" href=\"#\"><span style=\"color: #e30613;\">Meer lezen <\/span><\/a><\/div>\n<\/div><div class=\"fusion-separator fusion-full-width-sep\" style=\"align-self: center;margin-left: auto;margin-right: auto;margin-top:20px;width:100%;\"><\/div><div class=\"fusion-modal modal fade modal-3 2001 has-light-close\" tabindex=\"-1\" role=\"dialog\" aria-labelledby=\"modal-heading-3\" aria-hidden=\"true\" style=\"--awb-border-color:#000000;--awb-background:#000000;\"><div class=\"modal-dialog modal-sm\" role=\"document\"><div class=\"modal-content fusion-modal-content\"><div class=\"modal-header\"><button class=\"close\" type=\"button\" data-dismiss=\"modal\" aria-hidden=\"true\" aria-label=\"Close\">&times;<\/button><h3 class=\"modal-title\" id=\"modal-heading-3\" data-dismiss=\"modal\" aria-hidden=\"true\">2001: Inauguraci\u00f3n en China<\/h3><\/div><div class=\"modal-body fusion-clearfix\"><img class=\"alignnone size-full wp-image-471\" alt=\"historia_09_2001\" width=\"300\" height=\"192\" \/><\/p>\n<p><span style=\"color: #ffffff; font-size: 14px;\">Se inaugura nuestra f\u00e1brica textil en China, 100% capital PONSA con 60.000 m2 y 300 trabajadores.<\/span><\/div><\/div><\/div><\/div><div class=\"fusion-text fusion-text-5\"><a class=\"fusion-modal-text-link\" data-toggle=\"modal\" data-target=\".fusion-modal.2001\" href=\"#\"><a href=\"https:\/\/ponsa.com\/wp-content\/uploads\/2018\/12\/h9.jpg\"><img decoding=\"async\" class=\"alignnone size-full wp-image-4071\" src=\"https:\/\/ponsa.com\/wp-content\/uploads\/2018\/12\/h9.jpg\" alt=\"\" width=\"500\" height=\"500\" srcset=\"https:\/\/ponsa.com\/wp-content\/uploads\/2018\/12\/h9-66x66.jpg 66w, https:\/\/ponsa.com\/wp-content\/uploads\/2018\/12\/h9-150x150.jpg 150w, https:\/\/ponsa.com\/wp-content\/uploads\/2018\/12\/h9-200x200.jpg 200w, https:\/\/ponsa.com\/wp-content\/uploads\/2018\/12\/h9-300x300.jpg 300w, https:\/\/ponsa.com\/wp-content\/uploads\/2018\/12\/h9-400x400.jpg 400w, https:\/\/ponsa.com\/wp-content\/uploads\/2018\/12\/h9.jpg 500w\" sizes=\"(max-width: 500px) 100vw, 500px\" \/><\/a><\/a>\n<\/div><div class=\"fusion-text fusion-text-6\"><div style=\"padding: 20px; color: #ffffff; background-color: #000000;\"><strong>2001<\/strong>. Inwijding van onze textielfabriek in China. <a class=\"fusion-modal-text-link\" data-toggle=\"modal\" data-target=\".fusion-modal.2001\" href=\"#\"><span style=\"color: #e30613;\">Meer lezen <\/span><\/a><\/div>\n<\/div><div class=\"fusion-separator fusion-full-width-sep\" style=\"align-self: center;margin-left: auto;margin-right: auto;margin-top:20px;width:100%;\"><\/div><div class=\"fusion-modal modal fade modal-4 2009 has-light-close\" tabindex=\"-1\" role=\"dialog\" aria-labelledby=\"modal-heading-4\" aria-hidden=\"true\" style=\"--awb-border-color:#000000;--awb-background:#000000;\"><div class=\"modal-dialog modal-sm\" role=\"document\"><div class=\"modal-content fusion-modal-content\"><div class=\"modal-header\"><button class=\"close\" type=\"button\" data-dismiss=\"modal\" aria-hidden=\"true\" aria-label=\"Close\">&times;<\/button><h3 class=\"modal-title\" id=\"modal-heading-4\" data-dismiss=\"modal\" aria-hidden=\"true\">2009: PONSAGARD, novedad mundial<\/h3><\/div><div class=\"modal-body fusion-clearfix\"><img class=\"alignnone size-full wp-image-475\" alt=\"historia_13_2009\" width=\"300\" height=\"219\" \/><\/p>\n<p><span style=\"color: #ffffff; font-size: 14px;\">Sistema de fabricaci\u00f3n con tratamientos especiales, cuyo resultado es una eslinga mucho m\u00e1s resistente a la abrasi\u00f3n y al corte lateral.<\/span><\/p>\n<p>LA ESLINGA PONSAGARD dura m\u00e1s del doble.<\/div><\/div><\/div><\/div><div class=\"fusion-text fusion-text-7\"><a class=\"fusion-modal-text-link\" data-toggle=\"modal\" data-target=\".fusion-modal.2009\" href=\"#\"><a href=\"https:\/\/ponsa.com\/wp-content\/uploads\/2018\/12\/h15.jpg\"><img decoding=\"async\" class=\"alignnone size-full wp-image-4113\" src=\"https:\/\/ponsa.com\/wp-content\/uploads\/2018\/12\/h15.jpg\" alt=\"\" width=\"500\" height=\"500\" srcset=\"https:\/\/ponsa.com\/wp-content\/uploads\/2018\/12\/h15-66x66.jpg 66w, https:\/\/ponsa.com\/wp-content\/uploads\/2018\/12\/h15-150x150.jpg 150w, https:\/\/ponsa.com\/wp-content\/uploads\/2018\/12\/h15-200x200.jpg 200w, https:\/\/ponsa.com\/wp-content\/uploads\/2018\/12\/h15-300x300.jpg 300w, https:\/\/ponsa.com\/wp-content\/uploads\/2018\/12\/h15-400x400.jpg 400w, https:\/\/ponsa.com\/wp-content\/uploads\/2018\/12\/h15.jpg 500w\" sizes=\"(max-width: 500px) 100vw, 500px\" \/><\/a><\/a>\n<\/div><div class=\"fusion-text fusion-text-8\"><div style=\"padding: 20px; color: #ffffff; background-color: #000000;\"><strong>2009<\/strong>. PONSAGARD, nieuw in de wereld.<a class=\"fusion-modal-text-link\" data-toggle=\"modal\" data-target=\".fusion-modal.2009\" href=\"#\"><span style=\"color: #e30613;\">Meer lezen <\/span><\/a><\/div>\n<\/div><\/div><\/div><div class=\"fusion-layout-column fusion_builder_column fusion-builder-column-2 fusion_builder_column_1_4 1_4 fusion-flex-column\" style=\"--awb-bg-size:cover;--awb-width-large:25%;--awb-margin-top-large:0px;--awb-spacing-right-large:10px;--awb-margin-bottom-large:20px;--awb-spacing-left-large:10px;--awb-width-medium:25%;--awb-spacing-right-medium:10px;--awb-spacing-left-medium:10px;--awb-width-small:100%;--awb-spacing-right-small:1.92%;--awb-spacing-left-small:1.92%;\"><div class=\"fusion-column-wrapper fusion-flex-justify-content-flex-start fusion-content-layout-column\"><div class=\"fusion-modal modal fade modal-5 1860 has-light-close\" tabindex=\"-1\" role=\"dialog\" aria-labelledby=\"modal-heading-5\" aria-hidden=\"true\" style=\"--awb-border-color:#000000;--awb-background:#000000;\"><div class=\"modal-dialog modal-lg\" role=\"document\"><div class=\"modal-content fusion-modal-content\"><div class=\"modal-header\"><button class=\"close\" type=\"button\" data-dismiss=\"modal\" aria-hidden=\"true\" aria-label=\"Close\">&times;<\/button><h3 class=\"modal-title\" id=\"modal-heading-5\" data-dismiss=\"modal\" aria-hidden=\"true\">1860: De heer Francisco Ponsa Brell<\/h3><\/div><div class=\"modal-body fusion-clearfix\">\n<p><img class=\"alignnone size-full wp-image-422\" alt=\"historia_02_1860\" width=\"300\" height=\"206\" \/><\/p>\n<p><span style=\"color: #ffffff; font-size: 14px;\">Don Francisco Ponsa Brell se casa con Do\u00f1a Teresa Casajuana Serra (1839-1907), que fue pieza clave para la evoluci\u00f3n de este negocio: se pasa de trabajar para otros a trabajar por cuenta propia.<\/span><\/p>\n<p><span style=\"color: #ffffff; font-size: 14px;\">Durante esta etapa, con Teresa Casajuana al frente, la empresa se consolida y moderniza:<\/span><\/p>\n<ul>\n<li><span style=\"color: #ffffff; font-size: 14px;\">Se construye un edificio-f\u00e1brica propio.<\/span><\/li>\n<li><span style=\"color: #ffffff; font-size: 14px;\">Se mecanizan los telares mediante energ\u00eda el\u00e9ctrica, y lo m\u00e1s importante: <strong>tejiendo y vendiendo<\/strong> su propia producci\u00f3n.<\/span><\/li>\n<\/ul>\n<p><span style=\"color: #ffffff; font-size: 14px;\">Su hijo Francisco Ponsa Casajuana (1865-1926) se encargar\u00e1, pasados los a\u00f1os, de la explotaci\u00f3n del negocio. Tuvo un \u00fanico hijo Juan Ponsa Llaurad\u00f3 (1898-1977).<\/span><\/p>\n<\/div><\/div><\/div><\/div><div class=\"fusion-text fusion-text-9\"><a class=\"fusion-modal-text-link\" data-toggle=\"modal\" data-target=\".fusion-modal.1860\" href=\"#\"><a href=\"https:\/\/ponsa.com\/wp-content\/uploads\/2018\/12\/h2.jpg\"><img decoding=\"async\" class=\"alignnone size-full wp-image-4027\" src=\"https:\/\/ponsa.com\/wp-content\/uploads\/2018\/12\/h2.jpg\" alt=\"\" width=\"500\" height=\"500\" srcset=\"https:\/\/ponsa.com\/wp-content\/uploads\/2018\/12\/h2-66x66.jpg 66w, https:\/\/ponsa.com\/wp-content\/uploads\/2018\/12\/h2-150x150.jpg 150w, https:\/\/ponsa.com\/wp-content\/uploads\/2018\/12\/h2-200x200.jpg 200w, https:\/\/ponsa.com\/wp-content\/uploads\/2018\/12\/h2-300x300.jpg 300w, https:\/\/ponsa.com\/wp-content\/uploads\/2018\/12\/h2-400x400.jpg 400w, https:\/\/ponsa.com\/wp-content\/uploads\/2018\/12\/h2.jpg 500w\" sizes=\"(max-width: 500px) 100vw, 500px\" \/><\/a><\/a>\n<\/div><div class=\"fusion-text fusion-text-10\"><div style=\"padding: 20px; color: #ffffff; background-color: #000000;\"><strong>1860<\/strong>. <span style=\"color: #ffffff;\"><em><span lang=\"NL\" style=\"margin: 0px; font-family: 'Calibri','sans-serif';\">De heer <\/span><\/em><span style=\"font-family: Calibri;\"><span lang=\"NL\">Francisco Ponsa Brell trouwt met mevrouw Teresa Casajuana <\/span><span lang=\"NL\">(1839-1907). Dit is de eerste sleutel van het succes in de evolutie van het ondernemerschap. Het fabriceren voor derden wordt nu onder eigen naam gedaan. Gedurende deze etape, met mevrouw Teresa Casajuana als leidinggevende, wordt het bedrijf modern gemaakt. Een eigen fabriek wordt gebouwd. De weefgetouwen worden gemechaniseerd door gebruik van elektrische energie. De geweven produkten worden direct verkocht aan klanten. Haar zoon Francisco Ponsa Casajuana (1865-1926) wordt in de loop der jaren verantwoordelijk voor het bedrijf. Hij krijgt \u00e9\u00e9n kind, Juan Ponsa Llaurad\u00f3 (1898-1977).<\/span><\/span><\/span><a class=\"fusion-modal-text-link\" data-toggle=\"modal\" data-target=\".fusion-modal.1860\" href=\"#\"><span style=\"color: #e30613;\"> Meer lezen <\/span><\/a><\/div>\n<\/div><div class=\"fusion-separator fusion-full-width-sep\" style=\"align-self: center;margin-left: auto;margin-right: auto;margin-top:20px;width:100%;\"><\/div><div class=\"fusion-modal modal fade modal-6 1976 has-light-close\" tabindex=\"-1\" role=\"dialog\" aria-labelledby=\"modal-heading-6\" aria-hidden=\"true\" style=\"--awb-border-color:#000000;--awb-background:#000000;\"><div class=\"modal-dialog modal-sm\" role=\"document\"><div class=\"modal-content fusion-modal-content\"><div class=\"modal-header\"><button class=\"close\" type=\"button\" data-dismiss=\"modal\" aria-hidden=\"true\" aria-label=\"Close\">&times;<\/button><h3 class=\"modal-title\" id=\"modal-heading-6\" data-dismiss=\"modal\" aria-hidden=\"true\">1976: Eslingas Tr\u00e9bol<\/h3><\/div><div class=\"modal-body fusion-clearfix\"><img class=\"alignnone size-full wp-image-468\" alt=\"historia_06_1976\" width=\"300\" height=\"447\" \/><\/p>\n<p><span style=\"color: #ffffff; font-size: 14px;\"><strong>Eslingas Tr\u00e9bol.<\/strong><\/span><\/p>\n<p><span style=\"color: #ffffff; font-size: 14px;\">Industrias Ponsa <strong>fu\u00e9 el primer fabricante en Europa <\/strong>en desarrollar y comercializar las eslingas tr\u00e9bol de un solo uso.<\/span><\/div><\/div><\/div><\/div><div class=\"fusion-text fusion-text-11\"><a class=\"fusion-modal-text-link\" data-toggle=\"modal\" data-target=\".fusion-modal.1976\" href=\"#\"><a href=\"https:\/\/ponsa.com\/wp-content\/uploads\/2018\/12\/h6.jpg\"><img decoding=\"async\" class=\"alignnone size-full wp-image-4050\" src=\"https:\/\/ponsa.com\/wp-content\/uploads\/2018\/12\/h6.jpg\" alt=\"\" width=\"500\" height=\"500\" srcset=\"https:\/\/ponsa.com\/wp-content\/uploads\/2018\/12\/h6-66x66.jpg 66w, https:\/\/ponsa.com\/wp-content\/uploads\/2018\/12\/h6-150x150.jpg 150w, https:\/\/ponsa.com\/wp-content\/uploads\/2018\/12\/h6-200x200.jpg 200w, https:\/\/ponsa.com\/wp-content\/uploads\/2018\/12\/h6-300x300.jpg 300w, https:\/\/ponsa.com\/wp-content\/uploads\/2018\/12\/h6-400x400.jpg 400w, https:\/\/ponsa.com\/wp-content\/uploads\/2018\/12\/h6.jpg 500w\" sizes=\"(max-width: 500px) 100vw, 500px\" \/><\/a><\/a>\n<\/div><div class=\"fusion-text fusion-text-12\"><div style=\"padding: 20px; color: #ffffff; background-color: #000000;\"><strong>1976<\/strong>. PEerste fabrikant in Europa die klaverstroppen heeft ontwikkeld<a class=\"fusion-modal-text-link\" data-toggle=\"modal\" data-target=\".fusion-modal.1976\" href=\"#\"><span style=\"color: #e30613;\">Meer lezen <\/span><\/a><\/div>\n<\/div><div class=\"fusion-separator fusion-full-width-sep\" style=\"align-self: center;margin-left: auto;margin-right: auto;margin-top:20px;width:100%;\"><\/div><div class=\"fusion-modal modal fade modal-7 2003 has-light-close\" tabindex=\"-1\" role=\"dialog\" aria-labelledby=\"modal-heading-7\" aria-hidden=\"true\" style=\"--awb-border-color:#000000;--awb-background:#000000;\"><div class=\"modal-dialog modal-sm\" role=\"document\"><div class=\"modal-content fusion-modal-content\"><div class=\"modal-header\"><button class=\"close\" type=\"button\" data-dismiss=\"modal\" aria-hidden=\"true\" aria-label=\"Close\">&times;<\/button><h3 class=\"modal-title\" id=\"modal-heading-7\" data-dismiss=\"modal\" aria-hidden=\"true\">2003: Inicio de la fabricaci\u00f3n de redes y cuerdas de seguridad<\/h3><\/div><div class=\"modal-body fusion-clearfix\"><img class=\"alignnone size-full wp-image-472\" alt=\"historia_10_2003\" width=\"300\" height=\"136\" \/><\/p>\n<p><span style=\"color: #ffffff; font-size: 14px;\">Se inicia la fabricaci\u00f3n de redes y cuerdas de seguridad.<\/span><\/div><\/div><\/div><\/div><div class=\"fusion-text fusion-text-13\"><a class=\"fusion-modal-text-link\" data-toggle=\"modal\" data-target=\".fusion-modal.2003\" href=\"#\"><a href=\"https:\/\/ponsa.com\/wp-content\/uploads\/2018\/12\/h14.jpg\"><img decoding=\"async\" class=\"alignnone size-full wp-image-4106\" src=\"https:\/\/ponsa.com\/wp-content\/uploads\/2018\/12\/h14.jpg\" alt=\"\" width=\"500\" height=\"500\" srcset=\"https:\/\/ponsa.com\/wp-content\/uploads\/2018\/12\/h14-66x66.jpg 66w, https:\/\/ponsa.com\/wp-content\/uploads\/2018\/12\/h14-150x150.jpg 150w, https:\/\/ponsa.com\/wp-content\/uploads\/2018\/12\/h14-200x200.jpg 200w, https:\/\/ponsa.com\/wp-content\/uploads\/2018\/12\/h14-300x300.jpg 300w, https:\/\/ponsa.com\/wp-content\/uploads\/2018\/12\/h14-400x400.jpg 400w, https:\/\/ponsa.com\/wp-content\/uploads\/2018\/12\/h14.jpg 500w\" sizes=\"(max-width: 500px) 100vw, 500px\" \/><\/a><\/a>\n<\/div><div class=\"fusion-text fusion-text-14\"><div style=\"padding: 20px; color: #ffffff; background-color: #000000;\"><strong>2003<\/strong>. Start van de productie van veiligheidsnetten en -touwen.<a class=\"fusion-modal-text-link\" data-toggle=\"modal\" data-target=\".fusion-modal.2003\" href=\"#\"><span style=\"color: #e30613;\">Meer lezen <\/span><\/a><\/div>\n<\/div><div class=\"fusion-separator fusion-full-width-sep\" style=\"align-self: center;margin-left: auto;margin-right: auto;margin-top:20px;width:100%;\"><\/div><div class=\"fusion-modal modal fade modal-8 2012 has-light-close\" tabindex=\"-1\" role=\"dialog\" aria-labelledby=\"modal-heading-8\" aria-hidden=\"true\" style=\"--awb-border-color:#000000;--awb-background:#000000;\"><div class=\"modal-dialog modal-sm\" role=\"document\"><div class=\"modal-content fusion-modal-content\"><div class=\"modal-header\"><button class=\"close\" type=\"button\" data-dismiss=\"modal\" aria-hidden=\"true\" aria-label=\"Close\">&times;<\/button><h3 class=\"modal-title\" id=\"modal-heading-8\" data-dismiss=\"modal\" aria-hidden=\"true\">2012: F\u00f3rmula 1<\/h3><\/div><div class=\"modal-body fusion-clearfix\"><img class=\"alignnone size-full wp-image-476\" alt=\"historia_14_2012\" width=\"300\" height=\"305\" \/><\/p>\n<p><span style=\"color: #ffffff; font-size: 14px;\">Nuestros productos forman parte de la tecnolog\u00eda utilizada en los equipos de la F\u00f3rmula 1.<\/span><\/p>\n<p>En 2013, Industrias Ponsa desarrolla y patenta una nueva cinta para obtener el cintur\u00f3n de competici\u00f3n m\u00e1s ligero y resistente que existe actualmente en el mercado.<\/p>\n<p>Este producto ya ha sido homologado por la FIA y usado por varios fabricantes de coches de competici\u00f3n.<\/div><\/div><\/div><\/div><div class=\"fusion-text fusion-text-15\"><a class=\"fusion-modal-text-link\" data-toggle=\"modal\" data-target=\".fusion-modal.2012\" href=\"#\"><a href=\"https:\/\/ponsa.com\/wp-content\/uploads\/2018\/12\/h12.jpg\"><img decoding=\"async\" class=\"alignnone size-full wp-image-4092\" src=\"https:\/\/ponsa.com\/wp-content\/uploads\/2018\/12\/h12.jpg\" alt=\"\" width=\"500\" height=\"500\" srcset=\"https:\/\/ponsa.com\/wp-content\/uploads\/2018\/12\/h12-66x66.jpg 66w, https:\/\/ponsa.com\/wp-content\/uploads\/2018\/12\/h12-150x150.jpg 150w, https:\/\/ponsa.com\/wp-content\/uploads\/2018\/12\/h12-200x200.jpg 200w, https:\/\/ponsa.com\/wp-content\/uploads\/2018\/12\/h12-300x300.jpg 300w, https:\/\/ponsa.com\/wp-content\/uploads\/2018\/12\/h12-400x400.jpg 400w, https:\/\/ponsa.com\/wp-content\/uploads\/2018\/12\/h12.jpg 500w\" sizes=\"(max-width: 500px) 100vw, 500px\" \/><\/a><\/a>\n<\/div><div class=\"fusion-text fusion-text-16\"><div style=\"padding: 20px; color: #ffffff; background-color: #000000;\"><strong>2012<\/strong>. Voor de Formule 1-band hebben we een nieuwe band ontwikkeld en gepatenteerd.<a class=\"fusion-modal-text-link\" data-toggle=\"modal\" data-target=\".fusion-modal.2012\" href=\"#\"><span style=\"color: #e30613;\"> Meer lezen <\/span><\/a><\/div>\n<\/div><\/div><\/div><div class=\"fusion-layout-column fusion_builder_column fusion-builder-column-3 fusion_builder_column_1_4 1_4 fusion-flex-column\" style=\"--awb-bg-size:cover;--awb-width-large:25%;--awb-margin-top-large:0px;--awb-spacing-right-large:10px;--awb-margin-bottom-large:20px;--awb-spacing-left-large:10px;--awb-width-medium:25%;--awb-spacing-right-medium:10px;--awb-spacing-left-medium:10px;--awb-width-small:100%;--awb-spacing-right-small:1.92%;--awb-spacing-left-small:1.92%;\"><div class=\"fusion-column-wrapper fusion-flex-justify-content-flex-start fusion-content-layout-column\"><div class=\"fusion-modal modal fade modal-9 1926 has-light-close\" tabindex=\"-1\" role=\"dialog\" aria-labelledby=\"modal-heading-9\" aria-hidden=\"true\" style=\"--awb-border-color:#000000;--awb-background:#000000;\"><div class=\"modal-dialog modal-sm\" role=\"document\"><div class=\"modal-content fusion-modal-content\"><div class=\"modal-header\"><button class=\"close\" type=\"button\" data-dismiss=\"modal\" aria-hidden=\"true\" aria-label=\"Close\">&times;<\/button><h3 class=\"modal-title\" id=\"modal-heading-9\" data-dismiss=\"modal\" aria-hidden=\"true\">1926: Juan Ponsa Llaurad\u00f3 se hace carga de la empresa<\/h3><\/div><div class=\"modal-body fusion-clearfix\"><img class=\"alignnone size-full wp-image-456\" alt=\"historia_03_1926Anunci\" width=\"300\" height=\"441\" \/><\/p>\n<p><span style=\"color: #ffffff; font-size: 14px;\">Juan Ponsa Llaurad\u00f3 se hace carga de la empresa a partir de 1926.<\/span><\/p>\n<p><span style=\"color: #ffffff; font-size: 14px;\">Alrededor de 1929, la empresa anuncia <strong>la fabricaci\u00f3n de cintas <\/strong>de seda, hilo y algod\u00f3n.<\/span><\/p>\n<p><span style=\"color: #ffffff; font-size: 14px;\">La especialidad de la empresa eran las sargas y percales, pero tras la Guerra Civil la empresa se especializa en cintas motores, alpargatas, sargas. <strong>La f\u00e1brica crece y sus productos son distribuidos a nivel nacional.<\/strong><\/span><\/div><\/div><\/div><\/div><div class=\"fusion-text fusion-text-17\"><a class=\"fusion-modal-text-link\" data-toggle=\"modal\" data-target=\".fusion-modal.1926\" href=\"#\"><a href=\"https:\/\/ponsa.com\/wp-content\/uploads\/2018\/12\/h3.jpg\"><img decoding=\"async\" class=\"alignnone size-full wp-image-4123\" src=\"https:\/\/ponsa.com\/wp-content\/uploads\/2018\/12\/h3.jpg\" alt=\"\" width=\"500\" height=\"500\" srcset=\"https:\/\/ponsa.com\/wp-content\/uploads\/2018\/12\/h3-66x66.jpg 66w, https:\/\/ponsa.com\/wp-content\/uploads\/2018\/12\/h3-150x150.jpg 150w, https:\/\/ponsa.com\/wp-content\/uploads\/2018\/12\/h3-200x200.jpg 200w, https:\/\/ponsa.com\/wp-content\/uploads\/2018\/12\/h3-300x300.jpg 300w, https:\/\/ponsa.com\/wp-content\/uploads\/2018\/12\/h3-400x400.jpg 400w, https:\/\/ponsa.com\/wp-content\/uploads\/2018\/12\/h3.jpg 500w\" sizes=\"(max-width: 500px) 100vw, 500px\" \/><\/a><\/a>\n<\/div><div class=\"fusion-text fusion-text-18\"><div style=\"padding: 20px; color: #ffffff; background-color: #000000;\"><strong>1926<\/strong>. <span style=\"color: #ffffff;\"><span lang=\"NL\" style=\"margin: 0px; font-family: 'Calibri','sans-serif';\"><i>Juan Ponsa Llaurad\u00f3 is vanaf dat moment verantwoordelijk voor het familiebedrijf.<\/i> <\/span><\/span><span style=\"color: #ffffff;\"><span lang=\"NL\" style=\"margin: 0px; font-family: 'Calibri','sans-serif';\"><i>Rond 1929 begint men met het weven van band van zijde en katoen. Op dat moment zijn de specialiteiten van het bedrijf visgraat geweven band en breed doek. Na de burger oorlog komt daar motorband en band voor schoenen bij.\u00a0 De fabriek wordt groter en de produkten worden nu nationaal gedistribueerd.<\/i><\/span><\/span><a class=\"fusion-modal-text-link\" data-toggle=\"modal\" data-target=\".fusion-modal.1926\" href=\"#\"><span style=\"color: #e30613;\"> Meer lezen <\/span><\/a><\/div>\n<\/div><div class=\"fusion-separator fusion-full-width-sep\" style=\"align-self: center;margin-left: auto;margin-right: auto;margin-top:20px;width:100%;\"><\/div><div class=\"fusion-modal modal fade modal-10 1992 has-light-close\" tabindex=\"-1\" role=\"dialog\" aria-labelledby=\"modal-heading-10\" aria-hidden=\"true\" style=\"--awb-border-color:#000000;--awb-background:#000000;\"><div class=\"modal-dialog modal-sm\" role=\"document\"><div class=\"modal-content fusion-modal-content\"><div class=\"modal-header\"><button class=\"close\" type=\"button\" data-dismiss=\"modal\" aria-hidden=\"true\" aria-label=\"Close\">&times;<\/button><h3 class=\"modal-title\" id=\"modal-heading-10\" data-dismiss=\"modal\" aria-hidden=\"true\">1992: a\u00f1o ol\u00edmpico<\/h3><\/div><div class=\"modal-body fusion-clearfix\"><img class=\"alignnone size-full wp-image-469\" alt=\"historia_07_1992\" width=\"300\" height=\"166\" \/><\/p>\n<p><span style=\"color: #ffffff; font-size: 14px;\"><strong>A\u00f1o ol\u00edmpico<\/strong> en Barcelona y a\u00f1o en que Industrias Ponsa se instala en una <strong>nueva planta <\/strong>ubicada en el Pol\u00edgono Industrial &#8220;Els Dolors&#8221;.<\/span><\/p>\n<p><span style=\"color: #ffffff; font-size: 14px;\">Modernas y espaciosas instalaciones <strong>donde funciona el proceso de hilatura, telares, tinte y acabados <\/strong>de diferentes productos, as\u00ed como la <strong>confecci\u00f3n<\/strong> de productos acabados como ratchets, eslingas, etc.<\/span><\/div><\/div><\/div><\/div><div class=\"fusion-text fusion-text-19\"><a class=\"fusion-modal-text-link\" data-toggle=\"modal\" data-target=\".fusion-modal.1992\" href=\"#\"><a href=\"https:\/\/ponsa.com\/wp-content\/uploads\/2018\/12\/h7.jpg\"><img decoding=\"async\" class=\"alignnone size-full wp-image-4057\" src=\"https:\/\/ponsa.com\/wp-content\/uploads\/2018\/12\/h7.jpg\" alt=\"\" width=\"500\" height=\"500\" srcset=\"https:\/\/ponsa.com\/wp-content\/uploads\/2018\/12\/h7-66x66.jpg 66w, https:\/\/ponsa.com\/wp-content\/uploads\/2018\/12\/h7-150x150.jpg 150w, https:\/\/ponsa.com\/wp-content\/uploads\/2018\/12\/h7-200x200.jpg 200w, https:\/\/ponsa.com\/wp-content\/uploads\/2018\/12\/h7-300x300.jpg 300w, https:\/\/ponsa.com\/wp-content\/uploads\/2018\/12\/h7-400x400.jpg 400w, https:\/\/ponsa.com\/wp-content\/uploads\/2018\/12\/h7.jpg 500w\" sizes=\"(max-width: 500px) 100vw, 500px\" \/><\/a><\/a>\n<\/div><div class=\"fusion-text fusion-text-20\"><div style=\"padding: 20px; color: #ffffff; background-color: #000000;\"><strong>1992<\/strong>. Industrias Ponsa vestigt zich in een nieuwe fabriek in Manresa&#8221;.<a class=\"fusion-modal-text-link\" data-toggle=\"modal\" data-target=\".fusion-modal.1992\" href=\"#\"><span style=\"color: #e30613;\"> Meer lezen <\/span><\/a><\/div>\n<\/div><div class=\"fusion-separator fusion-full-width-sep\" style=\"align-self: center;margin-left: auto;margin-right: auto;margin-top:20px;width:100%;\"><\/div><div class=\"fusion-modal modal fade modal-11 2005 has-light-close\" tabindex=\"-1\" role=\"dialog\" aria-labelledby=\"modal-heading-11\" aria-hidden=\"true\" style=\"--awb-border-color:#000000;--awb-background:#000000;\"><div class=\"modal-dialog modal-sm\" role=\"document\"><div class=\"modal-content fusion-modal-content\"><div class=\"modal-header\"><button class=\"close\" type=\"button\" data-dismiss=\"modal\" aria-hidden=\"true\" aria-label=\"Close\">&times;<\/button><h3 class=\"modal-title\" id=\"modal-heading-11\" data-dismiss=\"modal\" aria-hidden=\"true\">2005: Inauguraci\u00f3n en Ruman\u00eda<\/h3><\/div><div class=\"modal-body fusion-clearfix\"><img class=\"alignnone size-full wp-image-473\" alt=\"historia_11_2005\" width=\"300\" height=\"214\" \/><\/p>\n<p><span style=\"color: #ffffff; font-size: 14px;\"> Se inaugura una f\u00e1brica textil en Ruman\u00eda.<\/span><\/div><\/div><\/div><\/div><div class=\"fusion-text fusion-text-21\"><a class=\"fusion-modal-text-link\" data-toggle=\"modal\" data-target=\".fusion-modal.2005\" href=\"#\"><a href=\"https:\/\/ponsa.com\/wp-content\/uploads\/2018\/12\/h10.jpg\"><img decoding=\"async\" class=\"alignnone size-full wp-image-4078\" src=\"https:\/\/ponsa.com\/wp-content\/uploads\/2018\/12\/h10.jpg\" alt=\"\" width=\"500\" height=\"500\" srcset=\"https:\/\/ponsa.com\/wp-content\/uploads\/2018\/12\/h10-66x66.jpg 66w, https:\/\/ponsa.com\/wp-content\/uploads\/2018\/12\/h10-150x150.jpg 150w, https:\/\/ponsa.com\/wp-content\/uploads\/2018\/12\/h10-200x200.jpg 200w, https:\/\/ponsa.com\/wp-content\/uploads\/2018\/12\/h10-300x300.jpg 300w, https:\/\/ponsa.com\/wp-content\/uploads\/2018\/12\/h10-400x400.jpg 400w, https:\/\/ponsa.com\/wp-content\/uploads\/2018\/12\/h10.jpg 500w\" sizes=\"(max-width: 500px) 100vw, 500px\" \/><\/a><\/a>\n<\/div><div class=\"fusion-text fusion-text-22\"><div style=\"padding: 20px; color: #ffffff; background-color: #000000;\"><strong>2005<\/strong>. Inwijding van de Roemeense textielfabriek.<a class=\"fusion-modal-text-link\" data-toggle=\"modal\" data-target=\".fusion-modal.2005\" href=\"#\"><span style=\"color: #e30613;\"> Meer lezen <\/span><\/a><\/div>\n<\/div><div class=\"fusion-separator fusion-full-width-sep\" style=\"align-self: center;margin-left: auto;margin-right: auto;margin-top:20px;width:100%;\"><\/div><div class=\"fusion-modal modal fade modal-12 actualidad has-light-close\" tabindex=\"-1\" role=\"dialog\" aria-labelledby=\"modal-heading-12\" aria-hidden=\"true\" style=\"--awb-border-color:#000000;--awb-background:#000000;\"><div class=\"modal-dialog modal-sm\" role=\"document\"><div class=\"modal-content fusion-modal-content\"><div class=\"modal-header\"><button class=\"close\" type=\"button\" data-dismiss=\"modal\" aria-hidden=\"true\" aria-label=\"Close\">&times;<\/button><h3 class=\"modal-title\" id=\"modal-heading-12\" data-dismiss=\"modal\" aria-hidden=\"true\">Actualidad: 5 centros productivos. <\/h3><\/div><div class=\"modal-body fusion-clearfix\"><img class=\"alignnone size-full wp-image-477\" alt=\"historia_15_Actualidad\" width=\"300\" height=\"193\" \/><\/p>\n<p><span style=\"color: #ffffff; font-size: 14px;\">Nuestros 5 centros productivos est\u00e1n estrat\u00e9gicamente ubicados para poder distribuir por todo el mundo.<\/span><\/p>\n<p>Seguimos trabajando en la mejora e innovaci\u00f3n de nuestros productos, cumpliendo as\u00ed con las expectativas de nuestros clientes.<\/p>\n<p>Actualmente la direcci\u00f3n de la empresa est\u00e1 asegurada por la 8\u00aa generaci\u00f3n de la familia PONSA. El capital contin\u00faa siendo todav\u00eda 100% PONSA.<\/div><\/div><\/div><\/div><div class=\"fusion-text fusion-text-23\"><a class=\"fusion-modal-text-link\" data-toggle=\"modal\" data-target=\".fusion-modal.actualidad\" href=\"#\"><a href=\"https:\/\/ponsa.com\/wp-content\/uploads\/2018\/12\/h13.jpg\"><img decoding=\"async\" class=\"alignnone size-full wp-image-4099\" src=\"https:\/\/ponsa.com\/wp-content\/uploads\/2018\/12\/h13.jpg\" alt=\"\" width=\"500\" height=\"500\" srcset=\"https:\/\/ponsa.com\/wp-content\/uploads\/2018\/12\/h13-66x66.jpg 66w, https:\/\/ponsa.com\/wp-content\/uploads\/2018\/12\/h13-150x150.jpg 150w, https:\/\/ponsa.com\/wp-content\/uploads\/2018\/12\/h13-200x200.jpg 200w, https:\/\/ponsa.com\/wp-content\/uploads\/2018\/12\/h13-300x300.jpg 300w, https:\/\/ponsa.com\/wp-content\/uploads\/2018\/12\/h13-400x400.jpg 400w, https:\/\/ponsa.com\/wp-content\/uploads\/2018\/12\/h13.jpg 500w\" sizes=\"(max-width: 500px) 100vw, 500px\" \/><\/a><\/a>\n<\/div><div class=\"fusion-text fusion-text-24\"><div style=\"padding: 20px; color: #ffffff; background-color: #000000;\"><strong>Nieuws <\/strong>. 6 productiecentra. Met de leiding van het bedrijf verzekerd door de 6e generatie van de PONSA-familie.<a class=\"fusion-modal-text-link\" data-toggle=\"modal\" data-target=\".fusion-modal.actualidad\" href=\"#\"><span style=\"color: #e30613;\"> Meer lezen <\/span><\/a><\/div>\n<\/div><\/div><\/div><div class=\"fusion-layout-column fusion_builder_column fusion-builder-column-4 fusion_builder_column_1_4 1_4 fusion-flex-column\" style=\"--awb-bg-size:cover;--awb-width-large:25%;--awb-margin-top-large:0px;--awb-spacing-right-large:7.68%;--awb-margin-bottom-large:20px;--awb-spacing-left-large:10px;--awb-width-medium:25%;--awb-spacing-right-medium:7.68%;--awb-spacing-left-medium:10px;--awb-width-small:100%;--awb-spacing-right-small:1.92%;--awb-spacing-left-small:1.92%;\"><div class=\"fusion-column-wrapper fusion-flex-justify-content-flex-start fusion-content-layout-column\"><div class=\"fusion-modal modal fade modal-13 1973 has-light-close\" tabindex=\"-1\" role=\"dialog\" aria-labelledby=\"modal-heading-13\" aria-hidden=\"true\" style=\"--awb-border-color:#000000;--awb-background:#000000;\"><div class=\"modal-dialog modal-sm\" role=\"document\"><div class=\"modal-content fusion-modal-content\"><div class=\"modal-header\"><button class=\"close\" type=\"button\" data-dismiss=\"modal\" aria-hidden=\"true\" aria-label=\"Close\">&times;<\/button><h3 class=\"modal-title\" id=\"modal-heading-13\" data-dismiss=\"modal\" aria-hidden=\"true\">1973: Nuevas instalaciones<\/h3><\/div><div class=\"modal-body fusion-clearfix\"><img class=\"alignnone size-full wp-image-464\" alt=\"historia_04_1973\" width=\"300\" height=\"233\" \/><\/p>\n<p><span style=\"color: #ffffff; font-size: 14px;\">Se inicia la producci\u00f3n de cintas en las <strong>nuevas instalaciones<\/strong> en Avenida Pirelli, 35 de Manresa.<\/span><\/div><\/div><\/div><\/div><div class=\"fusion-text fusion-text-25\"><a class=\"fusion-modal-text-link\" data-toggle=\"modal\" data-target=\".fusion-modal.1973\" href=\"#\"><a href=\"https:\/\/ponsa.com\/wp-content\/uploads\/2018\/12\/h4.jpg\"><img decoding=\"async\" class=\"alignnone size-full wp-image-4036\" src=\"https:\/\/ponsa.com\/wp-content\/uploads\/2018\/12\/h4.jpg\" alt=\"\" width=\"500\" height=\"500\" srcset=\"https:\/\/ponsa.com\/wp-content\/uploads\/2018\/12\/h4-66x66.jpg 66w, https:\/\/ponsa.com\/wp-content\/uploads\/2018\/12\/h4-150x150.jpg 150w, https:\/\/ponsa.com\/wp-content\/uploads\/2018\/12\/h4-200x200.jpg 200w, https:\/\/ponsa.com\/wp-content\/uploads\/2018\/12\/h4-300x300.jpg 300w, https:\/\/ponsa.com\/wp-content\/uploads\/2018\/12\/h4-400x400.jpg 400w, https:\/\/ponsa.com\/wp-content\/uploads\/2018\/12\/h4.jpg 500w\" sizes=\"(max-width: 500px) 100vw, 500px\" \/><\/a><\/a>\n<\/div><div class=\"fusion-text fusion-text-26\"><div style=\"padding: 20px; color: #ffffff; background-color: #000000;\"><strong>1973<\/strong>. Nieuwe faciliteiten in Avenida Pirelli, 35 in Manresa.<a class=\"fusion-modal-text-link\" data-toggle=\"modal\" data-target=\".fusion-modal.1973\" href=\"#\"><span style=\"color: #e30613;\"> Meer lezen <\/span><\/a><\/div>\n<\/div><div class=\"fusion-separator fusion-full-width-sep\" style=\"align-self: center;margin-left: auto;margin-right: auto;margin-top:20px;width:100%;\"><\/div><div class=\"fusion-modal modal fade modal-14 1995 has-light-close\" tabindex=\"-1\" role=\"dialog\" aria-labelledby=\"modal-heading-14\" aria-hidden=\"true\" style=\"--awb-border-color:#000000;--awb-background:#000000;\"><div class=\"modal-dialog modal-sm\" role=\"document\"><div class=\"modal-content fusion-modal-content\"><div class=\"modal-header\"><button class=\"close\" type=\"button\" data-dismiss=\"modal\" aria-hidden=\"true\" aria-label=\"Close\">&times;<\/button><h3 class=\"modal-title\" id=\"modal-heading-14\" data-dismiss=\"modal\" aria-hidden=\"true\">1995: Join Venture en Trinidad<\/h3><\/div><div class=\"modal-body fusion-clearfix\"><img class=\"alignnone size-full wp-image-470\" alt=\"historia_08_1995\" width=\"300\" height=\"214\" \/><\/p>\n<p><span style=\"color: #ffffff; font-size: 14px;\">TCL Manufacturing Limited (TPM) .<\/span><\/div><\/div><\/div><\/div><div class=\"fusion-text fusion-text-27\"><a class=\"fusion-modal-text-link\" data-toggle=\"modal\" data-target=\".fusion-modal.1995\" href=\"#\"><a href=\"https:\/\/ponsa.com\/wp-content\/uploads\/2018\/12\/h8.jpg\"><img decoding=\"async\" class=\"alignnone size-full wp-image-4064\" src=\"https:\/\/ponsa.com\/wp-content\/uploads\/2018\/12\/h8.jpg\" alt=\"\" width=\"500\" height=\"500\" srcset=\"https:\/\/ponsa.com\/wp-content\/uploads\/2018\/12\/h8-66x66.jpg 66w, https:\/\/ponsa.com\/wp-content\/uploads\/2018\/12\/h8-150x150.jpg 150w, https:\/\/ponsa.com\/wp-content\/uploads\/2018\/12\/h8-200x200.jpg 200w, https:\/\/ponsa.com\/wp-content\/uploads\/2018\/12\/h8-300x300.jpg 300w, https:\/\/ponsa.com\/wp-content\/uploads\/2018\/12\/h8-400x400.jpg 400w, https:\/\/ponsa.com\/wp-content\/uploads\/2018\/12\/h8.jpg 500w\" sizes=\"(max-width: 500px) 100vw, 500px\" \/><\/a><\/a>\n<\/div><div class=\"fusion-text fusion-text-28\"><div style=\"padding: 20px; color: #ffffff; background-color: #000000;\"><strong>1995<\/strong>. Join Venture en Trinidad.<a class=\"fusion-modal-text-link\" data-toggle=\"modal\" data-target=\".fusion-modal.1995\" href=\"#\"><span style=\"color: #e30613;\"> Meer lezen <\/span><\/a><\/div>\n<\/div><div class=\"fusion-separator fusion-full-width-sep\" style=\"align-self: center;margin-left: auto;margin-right: auto;margin-top:20px;width:100%;\"><\/div><div class=\"fusion-modal modal fade modal-15 2007 has-light-close\" tabindex=\"-1\" role=\"dialog\" aria-labelledby=\"modal-heading-15\" aria-hidden=\"true\" style=\"--awb-border-color:#000000;--awb-background:#000000;\"><div class=\"modal-dialog modal-sm\" role=\"document\"><div class=\"modal-content fusion-modal-content\"><div class=\"modal-header\"><button class=\"close\" type=\"button\" data-dismiss=\"modal\" aria-hidden=\"true\" aria-label=\"Close\">&times;<\/button><h3 class=\"modal-title\" id=\"modal-heading-15\" data-dismiss=\"modal\" aria-hidden=\"true\">2007: Inauguraci\u00f3n en Suecia.<\/h3><\/div><div class=\"modal-body fusion-clearfix\"><img class=\"alignnone size-full wp-image-474\" alt=\"historia_12_2007\" width=\"300\" height=\"167\" \/><\/p>\n<p><span style=\"color: #ffffff; font-size: 14px;\">Inauguramos nuestras instalaciones en Suecia.<\/span><\/div><\/div><\/div><\/div><div class=\"fusion-text fusion-text-29\"><a class=\"fusion-modal-text-link\" data-toggle=\"modal\" data-target=\".fusion-modal.2007\" href=\"#\"><a href=\"https:\/\/ponsa.com\/wp-content\/uploads\/2018\/12\/h11.jpg\"><img decoding=\"async\" class=\"alignnone size-full wp-image-4085\" src=\"https:\/\/ponsa.com\/wp-content\/uploads\/2018\/12\/h11.jpg\" alt=\"\" width=\"500\" height=\"500\" srcset=\"https:\/\/ponsa.com\/wp-content\/uploads\/2018\/12\/h11-66x66.jpg 66w, https:\/\/ponsa.com\/wp-content\/uploads\/2018\/12\/h11-150x150.jpg 150w, https:\/\/ponsa.com\/wp-content\/uploads\/2018\/12\/h11-200x200.jpg 200w, https:\/\/ponsa.com\/wp-content\/uploads\/2018\/12\/h11-300x300.jpg 300w, https:\/\/ponsa.com\/wp-content\/uploads\/2018\/12\/h11-400x400.jpg 400w, https:\/\/ponsa.com\/wp-content\/uploads\/2018\/12\/h11.jpg 500w\" sizes=\"(max-width: 500px) 100vw, 500px\" \/><\/a><\/a>\n<\/div><div class=\"fusion-text fusion-text-30\"><div style=\"padding: 20px; color: #ffffff; background-color: #000000;\"><strong>2007<\/strong>. Inauguratie van faciliteiten in Zweden.<a class=\"fusion-modal-text-link\" data-toggle=\"modal\" data-target=\".fusion-modal.2007\" href=\"#\"><span style=\"color: #e30613;\"> meer lezen<\/span><\/a><\/div>\n<\/div><div class=\"fusion-separator fusion-full-width-sep\" style=\"align-self: center;margin-left: auto;margin-right: auto;margin-top:20px;width:100%;\"><\/div><div class=\"fusion-separator fusion-full-width-sep\" style=\"align-self: center;margin-left: auto;margin-right: auto;margin-top:20px;width:100%;\"><\/div><div class=\"fusion-separator fusion-full-width-sep\" style=\"align-self: center;margin-left: auto;margin-right: auto;margin-top:20px;width:100%;\"><\/div><\/div><\/div><\/div><\/div>\n","protected":false},"excerpt":{"rendered":"","protected":false},"author":2,"featured_media":0,"parent":0,"menu_order":0,"comment_status":"closed","ping_status":"closed","template":"100-width.php","meta":{"ngg_post_thumbnail":0,"footnotes":""},"class_list":["post-4011","page","type-page","status-publish","hentry"],"yoast_head":"<!-- This site is optimized with the Yoast SEO plugin v27.5 - https:\/\/yoast.com\/product\/yoast-seo-wordpress\/ -->\n<title>GESCHIEDENIS - Industrias Ponsa<\/title>\n<meta name=\"description\" content=\"Somos fabricantes acreditados para la norma ISO 9001:2015. Garantizamos el la calidad de nuestras cintas debido a que tenemos el control total del proceso productivo.\" \/>\n<meta name=\"robots\" content=\"index, follow, max-snippet:-1, max-image-preview:large, max-video-preview:-1\" \/>\n<link rel=\"canonical\" href=\"https:\/\/ponsa.com\/nl\/historia-2\/\" \/>\n<meta property=\"og:locale\" content=\"nl_NL\" \/>\n<meta property=\"og:type\" content=\"article\" \/>\n<meta property=\"og:title\" content=\"GESCHIEDENIS - Industrias Ponsa\" \/>\n<meta property=\"og:description\" content=\"Somos fabricantes acreditados para la norma ISO 9001:2015. Garantizamos el la calidad de nuestras cintas debido a que tenemos el control total del proceso productivo.\" \/>\n<meta property=\"og:url\" content=\"https:\/\/ponsa.com\/nl\/historia-2\/\" \/>\n<meta property=\"og:site_name\" content=\"Industrias Ponsa\" \/>\n<meta property=\"article:publisher\" content=\"https:\/\/www.facebook.com\/IndustriasPONSA\" \/>\n<meta property=\"article:modified_time\" content=\"2020-02-17T16:11:17+00:00\" \/>\n<meta property=\"og:image\" content=\"https:\/\/ponsa.com\/wp-content\/uploads\/2017\/04\/h1.jpg\" \/>\n<meta name=\"twitter:card\" content=\"summary_large_image\" \/>\n<meta name=\"twitter:label1\" content=\"Est. reading time\" \/>\n\t<meta name=\"twitter:data1\" content=\"14 minutes\" \/>\n<script type=\"application\/ld+json\" class=\"yoast-schema-graph\">{\"@context\":\"https:\\\/\\\/schema.org\",\"@graph\":[{\"@type\":\"WebPage\",\"@id\":\"https:\\\/\\\/ponsa.com\\\/nl\\\/historia-2\\\/\",\"url\":\"https:\\\/\\\/ponsa.com\\\/nl\\\/historia-2\\\/\",\"name\":\"GESCHIEDENIS - Industrias Ponsa\",\"isPartOf\":{\"@id\":\"https:\\\/\\\/ponsa.com\\\/#website\"},\"primaryImageOfPage\":{\"@id\":\"https:\\\/\\\/ponsa.com\\\/nl\\\/historia-2\\\/#primaryimage\"},\"image\":{\"@id\":\"https:\\\/\\\/ponsa.com\\\/nl\\\/historia-2\\\/#primaryimage\"},\"thumbnailUrl\":\"https:\\\/\\\/ponsa.com\\\/wp-content\\\/uploads\\\/2017\\\/04\\\/h1.jpg\",\"datePublished\":\"2017-04-05T20:56:39+00:00\",\"dateModified\":\"2020-02-17T16:11:17+00:00\",\"description\":\"Somos fabricantes acreditados para la norma ISO 9001:2015. Garantizamos el la calidad de nuestras cintas debido a que tenemos el control total del proceso productivo.\",\"breadcrumb\":{\"@id\":\"https:\\\/\\\/ponsa.com\\\/nl\\\/historia-2\\\/#breadcrumb\"},\"inLanguage\":\"nl-NL\",\"potentialAction\":[{\"@type\":\"ReadAction\",\"target\":[\"https:\\\/\\\/ponsa.com\\\/nl\\\/historia-2\\\/\"]}]},{\"@type\":\"ImageObject\",\"inLanguage\":\"nl-NL\",\"@id\":\"https:\\\/\\\/ponsa.com\\\/nl\\\/historia-2\\\/#primaryimage\",\"url\":\"https:\\\/\\\/ponsa.com\\\/wp-content\\\/uploads\\\/2017\\\/04\\\/h1.jpg\",\"contentUrl\":\"https:\\\/\\\/ponsa.com\\\/wp-content\\\/uploads\\\/2017\\\/04\\\/h1.jpg\"},{\"@type\":\"BreadcrumbList\",\"@id\":\"https:\\\/\\\/ponsa.com\\\/nl\\\/historia-2\\\/#breadcrumb\",\"itemListElement\":[{\"@type\":\"ListItem\",\"position\":1,\"name\":\"Portada\",\"item\":\"https:\\\/\\\/ponsa.com\\\/nl\\\/\"},{\"@type\":\"ListItem\",\"position\":2,\"name\":\"GESCHIEDENIS\"}]},{\"@type\":\"WebSite\",\"@id\":\"https:\\\/\\\/ponsa.com\\\/#website\",\"url\":\"https:\\\/\\\/ponsa.com\\\/\",\"name\":\"Industrias Ponsa\",\"description\":\"Fabricante de Cintas Textiles\",\"publisher\":{\"@id\":\"https:\\\/\\\/ponsa.com\\\/#organization\"},\"potentialAction\":[{\"@type\":\"SearchAction\",\"target\":{\"@type\":\"EntryPoint\",\"urlTemplate\":\"https:\\\/\\\/ponsa.com\\\/?s={search_term_string}\"},\"query-input\":{\"@type\":\"PropertyValueSpecification\",\"valueRequired\":true,\"valueName\":\"search_term_string\"}}],\"inLanguage\":\"nl-NL\"},{\"@type\":\"Organization\",\"@id\":\"https:\\\/\\\/ponsa.com\\\/#organization\",\"name\":\"INDUSTRIAS PONSA S.A.\",\"url\":\"https:\\\/\\\/ponsa.com\\\/\",\"logo\":{\"@type\":\"ImageObject\",\"inLanguage\":\"nl-NL\",\"@id\":\"https:\\\/\\\/ponsa.com\\\/#\\\/schema\\\/logo\\\/image\\\/\",\"url\":\"https:\\\/\\\/ponsa.com\\\/wp-content\\\/uploads\\\/2021\\\/08\\\/logoPonsapng.png\",\"contentUrl\":\"https:\\\/\\\/ponsa.com\\\/wp-content\\\/uploads\\\/2021\\\/08\\\/logoPonsapng.png\",\"width\":2289,\"height\":808,\"caption\":\"INDUSTRIAS PONSA S.A.\"},\"image\":{\"@id\":\"https:\\\/\\\/ponsa.com\\\/#\\\/schema\\\/logo\\\/image\\\/\"},\"sameAs\":[\"https:\\\/\\\/www.facebook.com\\\/IndustriasPONSA\",\"https:\\\/\\\/www.instagram.com\\\/ind.ponsa\\\/\",\"https:\\\/\\\/es.linkedin.com\\\/company\\\/industrias-ponsa-sa\",\"https:\\\/\\\/www.youtube.com\\\/channel\\\/UCxvfSBJQlBhV1aOQo-wXIoQ\"]}]}<\/script>\n<!-- \/ Yoast SEO plugin. -->","yoast_head_json":{"title":"GESCHIEDENIS - Industrias Ponsa","description":"Somos fabricantes acreditados para la norma ISO 9001:2015. Garantizamos el la calidad de nuestras cintas debido a que tenemos el control total del proceso productivo.","robots":{"index":"index","follow":"follow","max-snippet":"max-snippet:-1","max-image-preview":"max-image-preview:large","max-video-preview":"max-video-preview:-1"},"canonical":"https:\/\/ponsa.com\/nl\/historia-2\/","og_locale":"nl_NL","og_type":"article","og_title":"GESCHIEDENIS - Industrias Ponsa","og_description":"Somos fabricantes acreditados para la norma ISO 9001:2015. Garantizamos el la calidad de nuestras cintas debido a que tenemos el control total del proceso productivo.","og_url":"https:\/\/ponsa.com\/nl\/historia-2\/","og_site_name":"Industrias Ponsa","article_publisher":"https:\/\/www.facebook.com\/IndustriasPONSA","article_modified_time":"2020-02-17T16:11:17+00:00","og_image":[{"url":"https:\/\/ponsa.com\/wp-content\/uploads\/2017\/04\/h1.jpg","type":"","width":"","height":""}],"twitter_card":"summary_large_image","twitter_misc":{"Est. reading time":"14 minutes"},"schema":{"@context":"https:\/\/schema.org","@graph":[{"@type":"WebPage","@id":"https:\/\/ponsa.com\/nl\/historia-2\/","url":"https:\/\/ponsa.com\/nl\/historia-2\/","name":"GESCHIEDENIS - Industrias Ponsa","isPartOf":{"@id":"https:\/\/ponsa.com\/#website"},"primaryImageOfPage":{"@id":"https:\/\/ponsa.com\/nl\/historia-2\/#primaryimage"},"image":{"@id":"https:\/\/ponsa.com\/nl\/historia-2\/#primaryimage"},"thumbnailUrl":"https:\/\/ponsa.com\/wp-content\/uploads\/2017\/04\/h1.jpg","datePublished":"2017-04-05T20:56:39+00:00","dateModified":"2020-02-17T16:11:17+00:00","description":"Somos fabricantes acreditados para la norma ISO 9001:2015. Garantizamos el la calidad de nuestras cintas debido a que tenemos el control total del proceso productivo.","breadcrumb":{"@id":"https:\/\/ponsa.com\/nl\/historia-2\/#breadcrumb"},"inLanguage":"nl-NL","potentialAction":[{"@type":"ReadAction","target":["https:\/\/ponsa.com\/nl\/historia-2\/"]}]},{"@type":"ImageObject","inLanguage":"nl-NL","@id":"https:\/\/ponsa.com\/nl\/historia-2\/#primaryimage","url":"https:\/\/ponsa.com\/wp-content\/uploads\/2017\/04\/h1.jpg","contentUrl":"https:\/\/ponsa.com\/wp-content\/uploads\/2017\/04\/h1.jpg"},{"@type":"BreadcrumbList","@id":"https:\/\/ponsa.com\/nl\/historia-2\/#breadcrumb","itemListElement":[{"@type":"ListItem","position":1,"name":"Portada","item":"https:\/\/ponsa.com\/nl\/"},{"@type":"ListItem","position":2,"name":"GESCHIEDENIS"}]},{"@type":"WebSite","@id":"https:\/\/ponsa.com\/#website","url":"https:\/\/ponsa.com\/","name":"Industrias Ponsa","description":"Fabricante de Cintas Textiles","publisher":{"@id":"https:\/\/ponsa.com\/#organization"},"potentialAction":[{"@type":"SearchAction","target":{"@type":"EntryPoint","urlTemplate":"https:\/\/ponsa.com\/?s={search_term_string}"},"query-input":{"@type":"PropertyValueSpecification","valueRequired":true,"valueName":"search_term_string"}}],"inLanguage":"nl-NL"},{"@type":"Organization","@id":"https:\/\/ponsa.com\/#organization","name":"INDUSTRIAS PONSA S.A.","url":"https:\/\/ponsa.com\/","logo":{"@type":"ImageObject","inLanguage":"nl-NL","@id":"https:\/\/ponsa.com\/#\/schema\/logo\/image\/","url":"https:\/\/ponsa.com\/wp-content\/uploads\/2021\/08\/logoPonsapng.png","contentUrl":"https:\/\/ponsa.com\/wp-content\/uploads\/2021\/08\/logoPonsapng.png","width":2289,"height":808,"caption":"INDUSTRIAS PONSA S.A."},"image":{"@id":"https:\/\/ponsa.com\/#\/schema\/logo\/image\/"},"sameAs":["https:\/\/www.facebook.com\/IndustriasPONSA","https:\/\/www.instagram.com\/ind.ponsa\/","https:\/\/es.linkedin.com\/company\/industrias-ponsa-sa","https:\/\/www.youtube.com\/channel\/UCxvfSBJQlBhV1aOQo-wXIoQ"]}]}},"_links":{"self":[{"href":"https:\/\/ponsa.com\/nl\/wp-json\/wp\/v2\/pages\/4011","targetHints":{"allow":["GET"]}}],"collection":[{"href":"https:\/\/ponsa.com\/nl\/wp-json\/wp\/v2\/pages"}],"about":[{"href":"https:\/\/ponsa.com\/nl\/wp-json\/wp\/v2\/types\/page"}],"author":[{"embeddable":true,"href":"https:\/\/ponsa.com\/nl\/wp-json\/wp\/v2\/users\/2"}],"replies":[{"embeddable":true,"href":"https:\/\/ponsa.com\/nl\/wp-json\/wp\/v2\/comments?post=4011"}],"version-history":[{"count":37,"href":"https:\/\/ponsa.com\/nl\/wp-json\/wp\/v2\/pages\/4011\/revisions"}],"predecessor-version":[{"id":11216,"href":"https:\/\/ponsa.com\/nl\/wp-json\/wp\/v2\/pages\/4011\/revisions\/11216"}],"wp:attachment":[{"href":"https:\/\/ponsa.com\/nl\/wp-json\/wp\/v2\/media?parent=4011"}],"curies":[{"name":"wp","href":"https:\/\/api.w.org\/{rel}","templated":true}]}}